{"id":12,"date":"2020-10-10T20:43:31","date_gmt":"2020-10-10T18:43:31","guid":{"rendered":"http:\/\/n.zegluga.edu.pl\/?page_id=12"},"modified":"2024-09-03T10:43:33","modified_gmt":"2024-09-03T08:43:33","slug":"kontakt","status":"publish","type":"page","link":"https:\/\/n.zegluga.edu.pl\/?page_id=12","title":{"rendered":"KONTAKT"},"content":{"rendered":"\n<p>Zesp\u00f3\u0142 Szk\u00f3\u0142 \u017beglugi \u015ar\u00f3dl\u0105dowej im. Bohater\u00f3w Westerplatte w K\u0119dzierzynie-Ko\u017alu<br>K\u0119dzierzyn-Ko\u017ale, 47-200, ul. Bohater\u00f3w Westerplatte 1,<br>tel. 77\/4061650, fax 774061652, email sekretariat(at)zegluga.edu.pl<\/p>\n\n\n\n<p>skrytka ePUAP:&nbsp;\/zegluga\/SkrytkaESP<\/p>\n\n\n\n<p>Dyrektor Zespo\u0142u Szk\u00f3\u0142 \u017beglugi \u015ar\u00f3dl\u0105dowej \u2013 <strong>Agnieszka Kossakowska<\/strong><br>Wicedyrektor Zespo\u0142u Szk\u00f3\u0142 \u017beglugi \u015ar\u00f3dl\u0105dowej \u2013 <strong>Tomasz Marenin<\/strong><br>Kierownik praktyk zawodowych \u2013 <strong>Tomasz Sitnik<\/strong><br>Kierownik Orkiestry Szkolnej \u2013 <strong>Krzysztof Ligenza<\/strong><br>Kierownik Statku Szkolnego \u201cMjr Sucharski\u201d \u2013 <strong>Marcin Czech<\/strong><br>Kierownik internatu \u2013 <strong>El\u017cbieta \u017barska<\/strong><\/p>\n\n\n\n<p><\/p>\n","protected":false},"excerpt":{"rendered":"<p>Zesp\u00f3\u0142 Szk\u00f3\u0142 \u017beglugi \u015ar\u00f3dl\u0105dowej im. Bohater\u00f3w Westerplatte w K\u0119dzierzynie-Ko\u017aluK\u0119dzierzyn-Ko\u017ale, 47-200, ul. Bohater\u00f3w Westerplatte 1,tel. 77\/4061650, fax 774061652, email sekretariat(at)zegluga.edu.pl skrytka ePUAP:&nbsp;\/zegluga\/SkrytkaESP Dyrektor Zespo\u0142u Szk\u00f3\u0142 \u017beglugi \u015ar\u00f3dl\u0105dowej \u2013 Agnieszka KossakowskaWicedyrektor Zespo\u0142u Szk\u00f3\u0142 \u017beglugi \u015ar\u00f3dl\u0105dowej \u2013 Tomasz MareninKierownik praktyk zawodowych \u2013 Tomasz SitnikKierownik Orkiestry Szkolnej \u2013 Krzysztof LigenzaKierownik Statku Szkolnego \u201cMjr Sucharski\u201d \u2013 Marcin CzechKierownik internatu \u2013 &hellip; <\/p>\n<p class=\"link-more\"><a href=\"https:\/\/n.zegluga.edu.pl\/?page_id=12\" class=\"more-link\">Czytaj dalej<span class=\"screen-reader-text\"> \u201eKONTAKT\u201d<\/span><\/a><\/p>\n","protected":false},"author":1,"featured_media":43,"parent":0,"menu_order":0,"comment_status":"closed","ping_status":"closed","template":"","meta":{"footnotes":""},"class_list":["post-12","page","type-page","status-publish","has-post-thumbnail","hentry"],"_links":{"self":[{"href":"https:\/\/n.zegluga.edu.pl\/index.php?rest_route=\/wp\/v2\/pages\/12","targetHints":{"allow":["GET"]}}],"collection":[{"href":"https:\/\/n.zegluga.edu.pl\/index.php?rest_route=\/wp\/v2\/pages"}],"about":[{"href":"https:\/\/n.zegluga.edu.pl\/index.php?rest_route=\/wp\/v2\/types\/page"}],"author":[{"embeddable":true,"href":"https:\/\/n.zegluga.edu.pl\/index.php?rest_route=\/wp\/v2\/users\/1"}],"replies":[{"embeddable":true,"href":"https:\/\/n.zegluga.edu.pl\/index.php?rest_route=%2Fwp%2Fv2%2Fcomments&post=12"}],"version-history":[{"count":4,"href":"https:\/\/n.zegluga.edu.pl\/index.php?rest_route=\/wp\/v2\/pages\/12\/revisions"}],"predecessor-version":[{"id":1678,"href":"https:\/\/n.zegluga.edu.pl\/index.php?rest_route=\/wp\/v2\/pages\/12\/revisions\/1678"}],"wp:featuredmedia":[{"embeddable":true,"href":"https:\/\/n.zegluga.edu.pl\/index.php?rest_route=\/wp\/v2\/media\/43"}],"wp:attachment":[{"href":"https:\/\/n.zegluga.edu.pl\/index.php?rest_route=%2Fwp%2Fv2%2Fmedia&parent=12"}],"curies":[{"name":"wp","href":"https:\/\/api.w.org\/{rel}","templated":true}]}}